{"id":11259,"date":"2023-01-16T17:05:25","date_gmt":"2023-01-17T00:05:25","guid":{"rendered":"https:\/\/zionelpaso.org\/sobre-nosotros\/historia\/"},"modified":"2024-07-08T12:17:00","modified_gmt":"2024-07-08T18:17:00","slug":"historia","status":"publish","type":"page","link":"https:\/\/zionelpaso.org\/es\/historia\/","title":{"rendered":"Historia"},"content":{"rendered":"\n<h2 class=\"wp-block-heading has-text-align-center has-large-font-size\"><em>125 aniversario 1898-2023<\/em><\/h2>\n\n<p class=\"\">La Iglesia Luterana de Si\u00f3n se fund\u00f3 en 1898 y ha disfrutado de 125 a\u00f1os de servicio en la comunidad de El Paso.<\/p>\n\n<h2 class=\"wp-block-heading\"><strong>Resumen de los planes para el 125 aniversario<\/strong><\/h2>\n\n<ul class=\"wp-block-list\">\n<li class=\"\">\u221a 29 de enero &#8211; <em>Evento <\/em>&#8211; Celebraci\u00f3n de los 100 a\u00f1os del Santuario y Rededicaci\u00f3n.<\/li>\n\n\n\n<li class=\"\">\u221a Mayo, junio &#8211; <em>Plazo <\/em>&#8211; Env\u00ede sus fotos, historias y recuerdos.<\/li>\n\n\n\n<li class=\"\">\u221a 2 de julio &#8211; <em>Fecha de inicio <\/em>&#8211; Empieza a pedir tus camisetas del aniversario.<\/li>\n\n\n\n<li class=\"\">\u221a 16 de julio &#8211; <em>Fecha l\u00edmite <\/em>&#8211; Inscr\u00edbete para traer comida para el Evento de Historia Militar.<\/li>\n\n\n\n<li class=\"\">\u221a 23 de julio &#8211; <em>Evento <\/em>&#8211; Historia y apreciaci\u00f3n militar y sionista<\/li>\n\n\n\n<li class=\"\">\u221a 6 de agosto &#8211; <em>Fecha l\u00edmite <\/em>&#8211; \u00daltimo d\u00eda para encargar las camisetas del aniversario<\/li>\n\n\n\n<li class=\"\">  \u221a 10 de septiembre<strong> <\/strong>&#8211; <em>Evento <\/em>&#8211; Misiones e historia de Sion y picnic.<\/li>\n\n\n\n<li class=\"\">  \u221a \u00daltimo d\u00eda para confirmar asistencia y comprar entradas para el programa y la comida del aniversario<\/li>\n\n\n\n<li class=\"\"><strong> <\/strong>\u221a 28 de octubre &#8211;<em> Evento <\/em>&#8211; 4pm Aniversario 125 Programa y Comida<\/li>\n\n\n\n<li class=\"\">  \u221a 29 de octubre &#8211; <em>Evento <\/em>&#8211; 10:30am Servicio de Adoraci\u00f3n del D\u00eda de la Reforma\/Aniversario y recepci\u00f3n.<\/li>\n\n\n\n<li class=\"\"><strong>16 de noviembre<\/strong> &#8211; <em>Evento<\/em> &#8211; Jornada de Puertas Abiertas y Concierto<a href=\"https:\/\/zionelpaso.org\/es\/100-anos-en-five-points-jornada-de-puertas-abiertas-y-concierto\/\">(detalles<\/a>)<\/li>\n\n\n\n<li class=\"\"><strong>31 de diciembre<\/strong> &#8211; <em>Evento<\/em> &#8211; Aniversario Ofrenda Misiones Consagraci\u00f3n<\/li>\n<\/ul>\n\n<hr class=\"is-style-wide wp-block-separator has-alpha-channel-opacity\"\/>\n\n<h2 class=\"wp-block-heading\"><strong>M\u00e1s detalles sobre los distintos actos<\/strong><\/h2>\n\n<p class=\"\"><em>Haga clic o toque los t\u00edtulos para ver los detalles. Se actualizar\u00e1n continuamente a medida que se desarrollen los planes &#8211; \u00faltima actualizaci\u00f3n: 2 de noviembre de 2023<\/em><\/p>\n<div class=\"wp-block-ub-content-toggle wp-block-ub-content-toggle-block\" id=\"ub-content-toggle-block-b65d3a4b-4ce3-4ad3-91dd-0c4ea38be697\" data-mobilecollapse=\"false\" data-desktopcollapse=\"true\" data-preventcollapse=\"false\" data-showonlyone=\"false\">\n<div class=\"wp-block-ub-content-toggle-accordion\" style=\"border-color: #f1f1f1; \" id=\"ub-content-toggle-panel-block-\">\n\t\t\t<div class=\"wp-block-ub-content-toggle-accordion-title-wrap\" style=\"background-color: #f1f1f1;\" aria-controls=\"ub-content-toggle-panel-0-b65d3a4b-4ce3-4ad3-91dd-0c4ea38be697\" tabindex=\"0\">\n\t\t\t<p class=\"wp-block-ub-content-toggle-accordion-title ub-content-toggle-title-b65d3a4b-4ce3-4ad3-91dd-0c4ea38be697\" style=\"color: #000000; \">\u221a <strong>July 23<sup>rd<\/sup><\/strong> <strong> &#8211; Zion-Ft Bliss History &amp; Military Appreciation Day<\/strong><\/p>\n\t\t\t<div class=\"wp-block-ub-content-toggle-accordion-toggle-wrap right\" style=\"color: #000000;\"><span class=\"wp-block-ub-content-toggle-accordion-state-indicator wp-block-ub-math-plus\"><\/span><\/div>\n\t\t<\/div>\n\t\t\t<div role=\"region\" aria-expanded=\"false\" class=\"wp-block-ub-content-toggle-accordion-content-wrap ub-hide\" id=\"ub-content-toggle-panel-0-b65d3a4b-4ce3-4ad3-91dd-0c4ea38be697\">\n\n<p class=\"\">El<sup>23 de<\/sup> julio celebramos la relaci\u00f3n especial que Si\u00f3n ha tenido con los miembros del ej\u00e9rcito y con los veteranos.  <br> <br>&#8211; 9:15 &#8211; Hora de Educaci\u00f3n <strong>Presentaci\u00f3n<\/strong> del Capell\u00e1n, Teniente Coronel Steven Hokana<br>&#8211; 10:30 a.m. &#8211; <strong>Servicio de adoraci\u00f3n <\/strong>con serm\u00f3n del Capell\u00e1n Hokana y oraciones\/bendiciones por los militares en servicio activo y sus familias y los veteranos.<br>&#8211; 11:45 &#8211; <strong>Almuerzo Potluck <\/strong>(carne proporcionada Robert Schulz) <strong>y Presentaci\u00f3n de la <\/strong>Historia Miembro de Si\u00f3n y anciano Mayor Edwin Den Harder<br> <br>El capell\u00e1n Hokana es un capell\u00e1n retirado en servicio activo del Ej\u00e9rcito de EE.UU. con 31 a\u00f1os de servicio a nuestra naci\u00f3n que ahora apoya a nuestras tropas y capellanes como Director Adjunto de Ministerio de las Fuerzas Armadas de la LCMS.  <\/p>\n\n<\/div>\n\t\t<\/div>\n\n<div class=\"wp-block-ub-content-toggle-accordion\" style=\"border-color: #f1f1f1; \" id=\"ub-content-toggle-panel-block-\">\n\t\t\t<div class=\"wp-block-ub-content-toggle-accordion-title-wrap\" style=\"background-color: #f1f1f1;\" aria-controls=\"ub-content-toggle-panel-1-b65d3a4b-4ce3-4ad3-91dd-0c4ea38be697\" tabindex=\"0\">\n\t\t\t<p class=\"wp-block-ub-content-toggle-accordion-title ub-content-toggle-title-b65d3a4b-4ce3-4ad3-91dd-0c4ea38be697\" style=\"color: #000000; \">\u221a <strong>September 10th  &#8211; Mission Celebration and Congregational picnic<\/strong><\/p>\n\t\t\t<div class=\"wp-block-ub-content-toggle-accordion-toggle-wrap right\" style=\"color: #000000;\"><span class=\"wp-block-ub-content-toggle-accordion-state-indicator wp-block-ub-math-plus\"><\/span><\/div>\n\t\t<\/div>\n\t\t\t<div role=\"region\" aria-expanded=\"false\" class=\"wp-block-ub-content-toggle-accordion-content-wrap ub-hide\" id=\"ub-content-toggle-panel-1-b65d3a4b-4ce3-4ad3-91dd-0c4ea38be697\">\n\n<p class=\"\">El Rev. James Maxwell, Presidente del Distrito de las Monta\u00f1as Rocosas de la LCMS, se unir\u00e1 a nosotros el<sup>10 de<\/sup> septiembre para recordar y celebrar nuestra historia misionera. (En 1897, cuando Si\u00f3n era una misi\u00f3n, el primer serm\u00f3n se predic\u00f3 el 12 de septiembre).  <\/p>\n\n\n\n<p class=\"\">Una presentaci\u00f3n de la Historia de las Misiones se dar\u00e1 durante la hora de educaci\u00f3n de las 9:15am. El Presidente James Maxwell es nuestro invitado especial y predicador durante el culto, con el Pastor Stephen Heimer como liturgista, y el Mariachi San Pablo acompa\u00f1ar\u00e1 nuestros cantos. Despu\u00e9s del culto en Si\u00f3n, nos reuniremos en el Memorial Park para nuestro picnic congregacional. Adem\u00e1s de la deliciosa comida, tendremos un castillo hinchable y una variedad de juegos.<\/p>\n\n<\/div>\n\t\t<\/div>\n\n<div class=\"wp-block-ub-content-toggle-accordion\" style=\"border-color: #f1f1f1; \" id=\"ub-content-toggle-panel-block-\">\n\t\t\t<div class=\"wp-block-ub-content-toggle-accordion-title-wrap\" style=\"background-color: #f1f1f1;\" aria-controls=\"ub-content-toggle-panel-2-b65d3a4b-4ce3-4ad3-91dd-0c4ea38be697\" tabindex=\"0\">\n\t\t\t<p class=\"wp-block-ub-content-toggle-accordion-title ub-content-toggle-title-b65d3a4b-4ce3-4ad3-91dd-0c4ea38be697\" style=\"color: #000000; \"><strong>\u221a   October 28th and 29th &#8211; 125<sup>th<\/sup> Anniversary \u201cMain Events\u201d<\/strong><\/p>\n\t\t\t<div class=\"wp-block-ub-content-toggle-accordion-toggle-wrap right\" style=\"color: #000000;\"><span class=\"wp-block-ub-content-toggle-accordion-state-indicator wp-block-ub-math-plus\"><\/span><\/div>\n\t\t<\/div>\n\t\t\t<div role=\"region\" aria-expanded=\"false\" class=\"wp-block-ub-content-toggle-accordion-content-wrap ub-hide\" id=\"ub-content-toggle-panel-2-b65d3a4b-4ce3-4ad3-91dd-0c4ea38be697\">\n\n<p class=\"\">Estos son nuestros planes b\u00e1sicos para la celebraci\u00f3n del fin de semana. Los pastores Steve Hughey, Jeffrey Shearier y Howard Patten se unir\u00e1n a nosotros.<\/p>\n\n\n\n<p class=\"\"><strong>S\u00e1bado 28 de octubre<\/strong><strong>\n  <sup>th<\/sup>\n<\/strong><\/p>\n\n\n\n<ul class=\"wp-block-list\">\n<li class=\"\">&#8211; Cena y presentaciones en el auditorio de Si\u00f3n, de 16.00 a 19.00 horas<\/li>\n\n\n\n<li class=\"\">&#8211; Comida infantil y fiesta de aniversario de Si\u00f3n para ni\u00f1os.<\/li>\n\n\n\n<li class=\"\">&#8211; Exposici\u00f3n hist\u00f3rica en la sala de confraternidad<\/li>\n\n\n\n<li class=\"\">&#8211; <em>Informaci\u00f3n sobre entradas y reservas <a href=\"https:\/\/secure.myvanco.com\/L-Z60V\/campaign\/C-149QD\">aqu\u00ed<\/a><\/em><\/li>\n<\/ul>\n\n\n\n<p class=\"\"><strong>Domingo 29 de octubre<\/strong><strong>\n  <sup>th<\/sup>\n<\/strong><\/p>\n\n\n\n<ul class=\"wp-block-list\">\n<li class=\"\">&#8211; Hora de educaci\u00f3n de adultos y ni\u00f1os, 9.15 h.<\/li>\n\n\n\n<li class=\"\">&#8211; Servicio de adoraci\u00f3n del D\u00eda de la Reforma con motivo del aniversario, con el Pastor Patten predicando, el Pastor Hughey y el Pastor Shearier como liturgistas, y el Pastor Stephen Heimer como celebrante de la Sagrada Comuni\u00f3n, 10:30am.<\/li>\n\n\n\n<li class=\"\">&#8211; Recepci\u00f3n y visita de la exposici\u00f3n hist\u00f3rica despu\u00e9s del culto<\/li>\n<\/ul>\n\n<\/div>\n\t\t<\/div>\n\n<div class=\"wp-block-ub-content-toggle-accordion\" style=\"border-color: #f1f1f1; \" id=\"ub-content-toggle-panel-block-\">\n\t\t\t<div class=\"wp-block-ub-content-toggle-accordion-title-wrap\" style=\"background-color: #f1f1f1;\" aria-controls=\"ub-content-toggle-panel-3-b65d3a4b-4ce3-4ad3-91dd-0c4ea38be697\" tabindex=\"0\">\n\t\t\t<p class=\"wp-block-ub-content-toggle-accordion-title ub-content-toggle-title-b65d3a4b-4ce3-4ad3-91dd-0c4ea38be697\" style=\"color: #000000; \"><strong>November 16th Community Open House and Concert<\/strong><\/p>\n\t\t\t<div class=\"wp-block-ub-content-toggle-accordion-toggle-wrap right\" style=\"color: #000000;\"><span class=\"wp-block-ub-content-toggle-accordion-state-indicator wp-block-ub-math-plus\"><\/span><\/div>\n\t\t<\/div>\n\t\t\t<div role=\"region\" aria-expanded=\"false\" class=\"wp-block-ub-content-toggle-accordion-content-wrap ub-hide\" id=\"ub-content-toggle-panel-3-b65d3a4b-4ce3-4ad3-91dd-0c4ea38be697\">\n<div class=\"wp-block-image\">\n<figure class=\"aligncenter size-large\"><img data-recalc-dims=\"1\" loading=\"lazy\" decoding=\"async\" width=\"525\" height=\"315\" src=\"https:\/\/i0.wp.com\/zionelpaso.org\/wp-content\/uploads\/2023\/10\/open-house-and-concert-FI.jpg?resize=525%2C315&#038;ssl=1\" alt=\"Imagen destacada - Jornada de puertas abiertas y concierto\" class=\"wp-image-13509\" srcset=\"https:\/\/i0.wp.com\/zionelpaso.org\/wp-content\/uploads\/2023\/10\/open-house-and-concert-FI.jpg?resize=1024%2C614&amp;ssl=1 1024w, https:\/\/i0.wp.com\/zionelpaso.org\/wp-content\/uploads\/2023\/10\/open-house-and-concert-FI.jpg?resize=300%2C180&amp;ssl=1 300w, https:\/\/i0.wp.com\/zionelpaso.org\/wp-content\/uploads\/2023\/10\/open-house-and-concert-FI.jpg?resize=768%2C461&amp;ssl=1 768w, https:\/\/i0.wp.com\/zionelpaso.org\/wp-content\/uploads\/2023\/10\/open-house-and-concert-FI.jpg?resize=1536%2C922&amp;ssl=1 1536w, https:\/\/i0.wp.com\/zionelpaso.org\/wp-content\/uploads\/2023\/10\/open-house-and-concert-FI.jpg?w=2000&amp;ssl=1 2000w\" sizes=\"auto, (max-width: 706px) 89vw, (max-width: 767px) 82vw, 740px\" \/><\/figure>\n<\/div>\n\n\n<p class=\"\">125 a\u00f1os de vida en com\u00fan en El Paso, \u00a1100 a\u00f1os en Five Points!<\/p>\n\n\n\n<p class=\"\">Cuerdas, metales, campanas, \u00f3rgano, coro, historia, belleza y dulces momentos juntos&#8230; esto es lo que encontrar\u00e1s en la jornada de puertas abiertas y el concierto que reunir\u00e1 a m\u00fasicos no s\u00f3lo de Si\u00f3n, sino de todo El Paso.<\/p>\n\n\n\n<p class=\"\">Recorra el edificio centenario y las exposiciones hist\u00f3ricas preparadas para celebrar los 125 a\u00f1os de esta comunidad.<\/p>\n\n\n\n<p class=\"\">Las puertas se abren a las 16.00 horas para que los visitantes puedan recorrer el edificio, disfrutar de un refrigerio y contemplar las exposiciones.<\/p>\n\n\n\n<p class=\"\">Concierto a partir de las 19.00 horas<\/p>\n\n<\/div>\n\t\t<\/div>\n<\/div>\n<!--more-->\n\n<hr class=\"is-style-wide wp-block-separator has-alpha-channel-opacity\"\/>\n\n<h2 class=\"wp-block-heading\"><strong>Historia escrita de Si\u00f3n<\/strong><\/h2>\n\n<p class=\"\"><a href=\"https:\/\/zionelpaso.org\/wp-content\/uploads\/2023\/09\/50th-Anniversary-Booklet.pdf\" data-type=\"link\" data-id=\"https:\/\/zionelpaso.org\/wp-content\/uploads\/2023\/09\/50th-Anniversary-Booklet.pdf\">Historia de Si\u00f3n (1898-1948)<\/a> &#8211; Publicada con motivo de la celebraci\u00f3n del 50 aniversario de Si\u00f3n.<\/p>\n\n<p class=\"\"><a href=\"https:\/\/zionelpaso.org\/wp-content\/uploads\/2023\/09\/75th-Anniversary-Yearbook.pdf\">Historia de Si\u00f3n (1898-1973)<\/a> &#8211; Publicada con motivo de la celebraci\u00f3n del 75 aniversario de Si\u00f3n.<\/p>\n\n<p class=\"\"><a href=\"https:\/\/zionelpaso.org\/wp-content\/uploads\/2023\/11\/Century-of-Faith-Zion-History-100th-Anniversary.pdf\">Historia de Si\u00f3n (1898-1998)<\/a> &#8211; Publicada con motivo de la celebraci\u00f3n del centenario de Si\u00f3n.<\/p>\n\n<p class=\"\"><a rel=\"noreferrer noopener\" href=\"https:\/\/zionelpaso.org\/wp-content\/uploads\/2020\/04\/Zion-Evangelical-Lutheran-Church-History.pdf\" target=\"_blank\">Historia de Si\u00f3n (1898-2008)<\/a> &#8211; Publicada con motivo de la celebraci\u00f3n del 110 aniversario de Si\u00f3n.<\/p>\n\n<p class=\"\"><a href=\"https:\/\/zionelpaso.org\/wp-content\/uploads\/2023\/09\/H.-A.-Huebotter.-Autobiographical-Notes.pdf\" data-type=\"link\" data-id=\"https:\/\/zionelpaso.org\/wp-content\/uploads\/2023\/09\/H.-A.-Huebotter.-Autobiographical-Notes.pdf\">Misionero en El Paso &#8211; El primer pastor de Si\u00f3n (1897-1907)<\/a> &#8211; Autobiograf\u00eda del reverendo H.A. Huebotter, en la que describe los primeros a\u00f1os de Si\u00f3n y tambi\u00e9n lo que le llev\u00f3 a El Paso como misionero.<\/p>\n\n<hr class=\"is-style-wide wp-block-separator has-alpha-channel-opacity\"\/>\n\n<div class=\"wp-block-group\"><div class=\"wp-block-group__inner-container is-layout-constrained wp-block-group-is-layout-constrained\">\n<h2 class=\"wp-block-heading\"><strong>Cronolog\u00eda de la historia de Si\u00f3n y de los acontecimientos mundiales (PDF)<\/strong><\/h2>\n\n\n\n<p class=\"has-text-align-center\"><em><em>actualizado el 27 de octubre de 2023<\/em><\/em><\/p>\n\n\n<div class=\"wp-block-image\">\n<figure class=\"aligncenter size-full is-resized\"><a href=\"https:\/\/zionelpaso.org\/wp-content\/uploads\/2023\/11\/Zion-Timeline-125-Year-History.pdf\" target=\"_blank\" rel=\"noreferrer noopener\"><img data-recalc-dims=\"1\" loading=\"lazy\" decoding=\"async\" width=\"525\" height=\"682\" src=\"https:\/\/i0.wp.com\/zionelpaso.org\/wp-content\/uploads\/2023\/11\/Timeline-thmb.png?resize=525%2C682&#038;ssl=1\" alt=\"\" class=\"wp-image-13810\" style=\"aspect-ratio:0.7702182284980744;width:220px;height:auto\" srcset=\"https:\/\/i0.wp.com\/zionelpaso.org\/wp-content\/uploads\/2023\/11\/Timeline-thmb.png?w=600&amp;ssl=1 600w, https:\/\/i0.wp.com\/zionelpaso.org\/wp-content\/uploads\/2023\/11\/Timeline-thmb.png?resize=231%2C300&amp;ssl=1 231w\" sizes=\"auto, (max-width: 525px) 100vw, 525px\" \/><\/a><figcaption class=\"wp-element-caption\"><a href=\"https:\/\/zionelpaso.org\/wp-content\/uploads\/2023\/11\/Zion-Timeline-125-Year-History.pdf\" target=\"_blank\" rel=\"noreferrer noopener\">descargar como pdf<\/a><\/figcaption><\/figure>\n<\/div>\n\n\n<h2 class=\"wp-block-heading\"><strong>Entradas con diferentes im\u00e1genes y acontecimientos de nuestra historia<\/strong><\/h2>\n\n\n<ul class=\"wp-block-latest-posts__list is-grid columns-2 aligncenter wp-block-latest-posts\"><li><div class=\"wp-block-latest-posts__featured-image\"><a href=\"https:\/\/zionelpaso.org\/es\/el-poder-de-la-fe\/\" aria-label=\"&#8220;El poder de la fe: La historia de la Iglesia Luterana de Si\u00f3n&#8221;, del autor y miembro Tim Eyerman.\"><img loading=\"lazy\" decoding=\"async\" width=\"300\" height=\"180\" src=\"https:\/\/i0.wp.com\/zionelpaso.org\/wp-content\/uploads\/2024\/03\/Web-Thumbnail.png?fit=300%2C180&amp;ssl=1\" class=\"attachment-medium size-medium wp-post-image\" alt=\"\" style=\"\" srcset=\"https:\/\/i0.wp.com\/zionelpaso.org\/wp-content\/uploads\/2024\/03\/Web-Thumbnail.png?w=2000&amp;ssl=1 2000w, https:\/\/i0.wp.com\/zionelpaso.org\/wp-content\/uploads\/2024\/03\/Web-Thumbnail.png?resize=300%2C180&amp;ssl=1 300w, https:\/\/i0.wp.com\/zionelpaso.org\/wp-content\/uploads\/2024\/03\/Web-Thumbnail.png?resize=1024%2C614&amp;ssl=1 1024w, https:\/\/i0.wp.com\/zionelpaso.org\/wp-content\/uploads\/2024\/03\/Web-Thumbnail.png?resize=768%2C461&amp;ssl=1 768w, https:\/\/i0.wp.com\/zionelpaso.org\/wp-content\/uploads\/2024\/03\/Web-Thumbnail.png?resize=1536%2C922&amp;ssl=1 1536w\" sizes=\"auto, 100vw\" data-attachment-id=\"14986\" data-permalink=\"https:\/\/zionelpaso.org\/es\/el-poder-de-la-fe-2\/web-thumbnail-2\/\" data-orig-file=\"https:\/\/i0.wp.com\/zionelpaso.org\/wp-content\/uploads\/2024\/03\/Web-Thumbnail.png?fit=2000%2C1200&amp;ssl=1\" data-orig-size=\"2000,1200\" data-comments-opened=\"1\" data-image-meta=\"{&quot;aperture&quot;:&quot;0&quot;,&quot;credit&quot;:&quot;&quot;,&quot;camera&quot;:&quot;&quot;,&quot;caption&quot;:&quot;&quot;,&quot;created_timestamp&quot;:&quot;0&quot;,&quot;copyright&quot;:&quot;&quot;,&quot;focal_length&quot;:&quot;0&quot;,&quot;iso&quot;:&quot;0&quot;,&quot;shutter_speed&quot;:&quot;0&quot;,&quot;title&quot;:&quot;&quot;,&quot;orientation&quot;:&quot;0&quot;}\" data-image-title=\"Web Thumbnail\" data-image-description=\"\" data-image-caption=\"\" data-large-file=\"https:\/\/i0.wp.com\/zionelpaso.org\/wp-content\/uploads\/2024\/03\/Web-Thumbnail.png?fit=525%2C315&amp;ssl=1\" \/><\/a><\/div><a class=\"wp-block-latest-posts__post-title\" href=\"https:\/\/zionelpaso.org\/es\/el-poder-de-la-fe\/\">&#8220;El poder de la fe: La historia de la Iglesia Luterana de Si\u00f3n&#8221;, del autor y miembro Tim Eyerman.<\/a><\/li>\n<li><div class=\"wp-block-latest-posts__featured-image\"><a href=\"https:\/\/zionelpaso.org\/es\/crecer-en-sion\/\" aria-label=\"&#8220;Entrevistas a los miembros de &#8220;Crecer en Si\u00f3n\"><img loading=\"lazy\" decoding=\"async\" width=\"300\" height=\"180\" src=\"https:\/\/i0.wp.com\/zionelpaso.org\/wp-content\/uploads\/2023\/11\/Untitled-2-3.png?fit=300%2C180&amp;ssl=1\" class=\"attachment-medium size-medium wp-post-image\" alt=\"\" style=\"\" srcset=\"https:\/\/i0.wp.com\/zionelpaso.org\/wp-content\/uploads\/2023\/11\/Untitled-2-3.png?w=2000&amp;ssl=1 2000w, https:\/\/i0.wp.com\/zionelpaso.org\/wp-content\/uploads\/2023\/11\/Untitled-2-3.png?resize=300%2C180&amp;ssl=1 300w, https:\/\/i0.wp.com\/zionelpaso.org\/wp-content\/uploads\/2023\/11\/Untitled-2-3.png?resize=1024%2C614&amp;ssl=1 1024w, https:\/\/i0.wp.com\/zionelpaso.org\/wp-content\/uploads\/2023\/11\/Untitled-2-3.png?resize=768%2C461&amp;ssl=1 768w, https:\/\/i0.wp.com\/zionelpaso.org\/wp-content\/uploads\/2023\/11\/Untitled-2-3.png?resize=1536%2C922&amp;ssl=1 1536w\" sizes=\"auto, 100vw\" data-attachment-id=\"13636\" data-permalink=\"https:\/\/zionelpaso.org\/es\/mision-para-la-comunidad\/untitled-2-3-2\/\" data-orig-file=\"https:\/\/i0.wp.com\/zionelpaso.org\/wp-content\/uploads\/2023\/11\/Untitled-2-3.png?fit=2000%2C1200&amp;ssl=1\" data-orig-size=\"2000,1200\" data-comments-opened=\"1\" data-image-meta=\"{&quot;aperture&quot;:&quot;0&quot;,&quot;credit&quot;:&quot;&quot;,&quot;camera&quot;:&quot;&quot;,&quot;caption&quot;:&quot;&quot;,&quot;created_timestamp&quot;:&quot;0&quot;,&quot;copyright&quot;:&quot;&quot;,&quot;focal_length&quot;:&quot;0&quot;,&quot;iso&quot;:&quot;0&quot;,&quot;shutter_speed&quot;:&quot;0&quot;,&quot;title&quot;:&quot;&quot;,&quot;orientation&quot;:&quot;0&quot;}\" data-image-title=\"Untitled-2 (3)\" data-image-description=\"\" data-image-caption=\"\" data-large-file=\"https:\/\/i0.wp.com\/zionelpaso.org\/wp-content\/uploads\/2023\/11\/Untitled-2-3.png?fit=525%2C315&amp;ssl=1\" \/><\/a><\/div><a class=\"wp-block-latest-posts__post-title\" href=\"https:\/\/zionelpaso.org\/es\/crecer-en-sion\/\">&#8220;Entrevistas a los miembros de &#8220;Crecer en Si\u00f3n<\/a><\/li>\n<li><div class=\"wp-block-latest-posts__featured-image\"><a href=\"https:\/\/zionelpaso.org\/es\/mision-para-la-comunidad\/\" aria-label=\"&#8220;Misi\u00f3n para la Comunidad&#8221; Entrevistas a miembros\"><img loading=\"lazy\" decoding=\"async\" width=\"300\" height=\"180\" src=\"https:\/\/i0.wp.com\/zionelpaso.org\/wp-content\/uploads\/2023\/11\/Untitled-2-2.png?fit=300%2C180&amp;ssl=1\" class=\"attachment-medium size-medium wp-post-image\" alt=\"\" style=\"\" srcset=\"https:\/\/i0.wp.com\/zionelpaso.org\/wp-content\/uploads\/2023\/11\/Untitled-2-2.png?w=2000&amp;ssl=1 2000w, https:\/\/i0.wp.com\/zionelpaso.org\/wp-content\/uploads\/2023\/11\/Untitled-2-2.png?resize=300%2C180&amp;ssl=1 300w, https:\/\/i0.wp.com\/zionelpaso.org\/wp-content\/uploads\/2023\/11\/Untitled-2-2.png?resize=1024%2C614&amp;ssl=1 1024w, https:\/\/i0.wp.com\/zionelpaso.org\/wp-content\/uploads\/2023\/11\/Untitled-2-2.png?resize=768%2C461&amp;ssl=1 768w, https:\/\/i0.wp.com\/zionelpaso.org\/wp-content\/uploads\/2023\/11\/Untitled-2-2.png?resize=1536%2C922&amp;ssl=1 1536w\" sizes=\"auto, 100vw\" data-attachment-id=\"13638\" data-permalink=\"https:\/\/zionelpaso.org\/es\/crecer-en-sion\/untitled-2-2-2\/\" data-orig-file=\"https:\/\/i0.wp.com\/zionelpaso.org\/wp-content\/uploads\/2023\/11\/Untitled-2-2.png?fit=2000%2C1200&amp;ssl=1\" data-orig-size=\"2000,1200\" data-comments-opened=\"1\" data-image-meta=\"{&quot;aperture&quot;:&quot;0&quot;,&quot;credit&quot;:&quot;&quot;,&quot;camera&quot;:&quot;&quot;,&quot;caption&quot;:&quot;&quot;,&quot;created_timestamp&quot;:&quot;0&quot;,&quot;copyright&quot;:&quot;&quot;,&quot;focal_length&quot;:&quot;0&quot;,&quot;iso&quot;:&quot;0&quot;,&quot;shutter_speed&quot;:&quot;0&quot;,&quot;title&quot;:&quot;&quot;,&quot;orientation&quot;:&quot;0&quot;}\" data-image-title=\"Untitled-2 (2)\" data-image-description=\"\" data-image-caption=\"\" data-large-file=\"https:\/\/i0.wp.com\/zionelpaso.org\/wp-content\/uploads\/2023\/11\/Untitled-2-2.png?fit=525%2C315&amp;ssl=1\" \/><\/a><\/div><a class=\"wp-block-latest-posts__post-title\" href=\"https:\/\/zionelpaso.org\/es\/mision-para-la-comunidad\/\">&#8220;Misi\u00f3n para la Comunidad&#8221; Entrevistas a miembros<\/a><\/li>\n<li><div class=\"wp-block-latest-posts__featured-image\"><a href=\"https:\/\/zionelpaso.org\/es\/la-pequena-iglesia-que-pudo\/\" aria-label=\"&#8220;La peque\u00f1a iglesia que pudo&#8221; Entrevistas a miembros\"><img loading=\"lazy\" decoding=\"async\" width=\"300\" height=\"180\" src=\"https:\/\/i0.wp.com\/zionelpaso.org\/wp-content\/uploads\/2023\/11\/Untitled-2-4.png?fit=300%2C180&amp;ssl=1\" class=\"attachment-medium size-medium wp-post-image\" alt=\"\" style=\"\" srcset=\"https:\/\/i0.wp.com\/zionelpaso.org\/wp-content\/uploads\/2023\/11\/Untitled-2-4.png?w=2000&amp;ssl=1 2000w, https:\/\/i0.wp.com\/zionelpaso.org\/wp-content\/uploads\/2023\/11\/Untitled-2-4.png?resize=300%2C180&amp;ssl=1 300w, https:\/\/i0.wp.com\/zionelpaso.org\/wp-content\/uploads\/2023\/11\/Untitled-2-4.png?resize=1024%2C614&amp;ssl=1 1024w, https:\/\/i0.wp.com\/zionelpaso.org\/wp-content\/uploads\/2023\/11\/Untitled-2-4.png?resize=768%2C461&amp;ssl=1 768w, https:\/\/i0.wp.com\/zionelpaso.org\/wp-content\/uploads\/2023\/11\/Untitled-2-4.png?resize=1536%2C922&amp;ssl=1 1536w\" sizes=\"auto, 100vw\" data-attachment-id=\"13634\" data-permalink=\"https:\/\/zionelpaso.org\/es\/la-pequena-iglesia-que-pudo\/untitled-2-4-2\/\" data-orig-file=\"https:\/\/i0.wp.com\/zionelpaso.org\/wp-content\/uploads\/2023\/11\/Untitled-2-4.png?fit=2000%2C1200&amp;ssl=1\" data-orig-size=\"2000,1200\" data-comments-opened=\"1\" data-image-meta=\"{&quot;aperture&quot;:&quot;0&quot;,&quot;credit&quot;:&quot;&quot;,&quot;camera&quot;:&quot;&quot;,&quot;caption&quot;:&quot;&quot;,&quot;created_timestamp&quot;:&quot;0&quot;,&quot;copyright&quot;:&quot;&quot;,&quot;focal_length&quot;:&quot;0&quot;,&quot;iso&quot;:&quot;0&quot;,&quot;shutter_speed&quot;:&quot;0&quot;,&quot;title&quot;:&quot;&quot;,&quot;orientation&quot;:&quot;0&quot;}\" data-image-title=\"Untitled-2 (4)\" data-image-description=\"\" data-image-caption=\"\" data-large-file=\"https:\/\/i0.wp.com\/zionelpaso.org\/wp-content\/uploads\/2023\/11\/Untitled-2-4.png?fit=525%2C315&amp;ssl=1\" \/><\/a><\/div><a class=\"wp-block-latest-posts__post-title\" href=\"https:\/\/zionelpaso.org\/es\/la-pequena-iglesia-que-pudo\/\">&#8220;La peque\u00f1a iglesia que pudo&#8221; Entrevistas a miembros<\/a><\/li>\n<li><div class=\"wp-block-latest-posts__featured-image\"><a href=\"https:\/\/zionelpaso.org\/es\/edificio-de-sion-el-dia-de-su-inauguracion-1923\/\" aria-label=\"Edificio de Si\u00f3n el d\u00eda de su inauguraci\u00f3n, 1923\"><img loading=\"lazy\" decoding=\"async\" width=\"300\" height=\"180\" src=\"https:\/\/i0.wp.com\/zionelpaso.org\/wp-content\/uploads\/2023\/01\/My-project-1-43.png?fit=300%2C180&amp;ssl=1\" class=\"attachment-medium size-medium wp-post-image\" alt=\"\" style=\"\" srcset=\"https:\/\/i0.wp.com\/zionelpaso.org\/wp-content\/uploads\/2023\/01\/My-project-1-43.png?w=2000&amp;ssl=1 2000w, https:\/\/i0.wp.com\/zionelpaso.org\/wp-content\/uploads\/2023\/01\/My-project-1-43.png?resize=300%2C180&amp;ssl=1 300w, https:\/\/i0.wp.com\/zionelpaso.org\/wp-content\/uploads\/2023\/01\/My-project-1-43.png?resize=1024%2C614&amp;ssl=1 1024w, https:\/\/i0.wp.com\/zionelpaso.org\/wp-content\/uploads\/2023\/01\/My-project-1-43.png?resize=768%2C461&amp;ssl=1 768w, https:\/\/i0.wp.com\/zionelpaso.org\/wp-content\/uploads\/2023\/01\/My-project-1-43.png?resize=1536%2C922&amp;ssl=1 1536w\" sizes=\"auto, 100vw\" data-attachment-id=\"11258\" data-permalink=\"https:\/\/zionelpaso.org\/es\/historia\/my-project-1-43-2\/\" data-orig-file=\"https:\/\/i0.wp.com\/zionelpaso.org\/wp-content\/uploads\/2023\/01\/My-project-1-43.png?fit=2000%2C1200&amp;ssl=1\" data-orig-size=\"2000,1200\" data-comments-opened=\"1\" data-image-meta=\"{&quot;aperture&quot;:&quot;0&quot;,&quot;credit&quot;:&quot;&quot;,&quot;camera&quot;:&quot;&quot;,&quot;caption&quot;:&quot;&quot;,&quot;created_timestamp&quot;:&quot;0&quot;,&quot;copyright&quot;:&quot;&quot;,&quot;focal_length&quot;:&quot;0&quot;,&quot;iso&quot;:&quot;0&quot;,&quot;shutter_speed&quot;:&quot;0&quot;,&quot;title&quot;:&quot;&quot;,&quot;orientation&quot;:&quot;0&quot;}\" data-image-title=\"My project-1 (43)\" data-image-description=\"\" data-image-caption=\"\" data-large-file=\"https:\/\/i0.wp.com\/zionelpaso.org\/wp-content\/uploads\/2023\/01\/My-project-1-43.png?fit=525%2C315&amp;ssl=1\" \/><\/a><\/div><a class=\"wp-block-latest-posts__post-title\" href=\"https:\/\/zionelpaso.org\/es\/edificio-de-sion-el-dia-de-su-inauguracion-1923\/\">Edificio de Si\u00f3n el d\u00eda de su inauguraci\u00f3n, 1923<\/a><\/li>\n<\/ul><\/div><\/div>\n\n<hr class=\"is-style-wide wp-block-separator has-alpha-channel-opacity\"\/>\n\n<div class=\"wp-block-group\"><div class=\"wp-block-group__inner-container is-layout-constrained wp-block-group-is-layout-constrained\">\n<h2 class=\"wp-block-heading\"><strong>Hechos hist\u00f3ricos relacionados con el edificio y la propiedad de nuestra iglesia centenaria<\/strong><\/h2>\n\n\n\n<p class=\"\"><strong>1917<\/strong> &#8211; el nuevo edificio de la iglesia fue propuesto por primera vez  <br\/><strong>1918<\/strong> &#8211; la congregaci\u00f3n adopta la propuesta de construir una nueva iglesia  <br\/><strong>1922<\/strong> &#8211; Comienza la construcci\u00f3n del nuevo edificio de la iglesia.  <br\/><strong>1923<\/strong> &#8211; En enero se inaugura la iglesia. Tambi\u00e9n se compran 3 solares junto a la iglesia.<br\/><strong>1925<\/strong> &#8211; Se a\u00f1ade una mesa de billar al Sal\u00f3n de la Comunidad<br\/><strong>1926<\/strong> &#8211; Construcci\u00f3n de una casa parroquial en Pershing 2808<br\/><strong>1934<\/strong> &#8211; Primera vidriera a\u00f1adida<br\/><strong>1935<\/strong> &#8211; Se a\u00f1ade la cruz de ne\u00f3n.<br\/> <strong>1945<\/strong> &#8211; Se paga la hipoteca y se quema.<br\/><strong>1955<\/strong> &#8211; Construcci\u00f3n del ala de educaci\u00f3n<br\/><strong>1958<\/strong> &#8211; Adquisici\u00f3n del aparcamiento de la calle Birch<br\/><strong>1964<\/strong> &#8211; Se a\u00f1ade la \u00faltima vidriera<br\/><strong>1965<\/strong> &#8211; Tambi\u00e9n se adquiere la propiedad 2818 Pershing para vivienda de profesores<br\/><strong>1971<\/strong> &#8211; Renovaci\u00f3n de la sacrist\u00eda, el n\u00e1rtex y la sala de hermandad<br\/><strong>1972<\/strong> &#8211; Instalaci\u00f3n del \u00f3rgano Rodgers en el santuario<br\/><strong>1973<\/strong> &#8211; 2808 Pershing comenz\u00f3 a utilizarse como oficina de la iglesia<br\/><strong>2005<\/strong> &#8211; Nuevo \u00f3rgano Rodgers instalado en el santuario<br\/><strong>2007<\/strong> &#8211; Renovaci\u00f3n del interior del santuario y de las ventanas<br\/><strong>2015<\/strong> &#8211; Sustituci\u00f3n del suelo del Sal\u00f3n de la Comunidad tras una inundaci\u00f3n repentina<br\/><strong>2020<\/strong> &#8211; Santuario y Auditorio equipados para retransmisi\u00f3n en directo<\/p>\n\n\n\n<hr class=\"is-style-wide wp-block-separator has-alpha-channel-opacity\"\/>\n<\/div><\/div>\n\n<h2 class=\"wp-block-heading\"><strong>Hechos destacados de la historia de la Escuela de Si\u00f3n<\/strong><\/h2>\n\n<p class=\"\"><strong>1898-1899<\/strong> La escuela parroquial se estableci\u00f3 y continu\u00f3 hasta que los gastos de alquiler y la escasez de fondos provocaron su cierre.<\/p>\n\n<p class=\"\"><strong>1907-1909<\/strong> El pastor Fischer dirigi\u00f3 la escuela parroquial en la iglesia hasta que acept\u00f3 un llamado y parti\u00f3 de Si\u00f3n.<\/p>\n\n<p class=\"\"><strong>1965-1965<\/strong> El Sr. Paul Kramer fue llamado para establecer la escuela parroquial y ense\u00f1\u00f3 clases de primer y segundo grado durante un a\u00f1o escolar.  <\/p>\n\n<p class=\"\"><strong>1970s-1985<\/strong> La Sra. Joann Schrank dirigi\u00f3 la escuela en Zion despu\u00e9s de que la Iglesia Luterana Redeemer cerr\u00f3 y muchos de sus miembros se unieron a Zion.<\/p>\n\n<p class=\"\"><strong>1995-2020<\/strong> &#8211; La Sra. Nancy Cagaan dirigi\u00f3 la Zion Day School hasta su jubilaci\u00f3n en 2017. Sandy Alvarado dirigi\u00f3 la escuela hasta su cierre en 2020, en medio de las complicaciones de la pandemia de COVID-19.<\/p>\n\n<h2 class=\"wp-block-heading\"><strong>Directores de escuela<\/strong><\/h2>\n\n<p class=\"\"><\/p>\n\n<div class=\"wp-block-media-text is-stacked-on-mobile\" style=\"grid-template-columns:31% auto\"><figure class=\"wp-block-media-text__media\"><img data-recalc-dims=\"1\" loading=\"lazy\" decoding=\"async\" width=\"525\" height=\"485\" src=\"https:\/\/i0.wp.com\/zionelpaso.org\/wp-content\/uploads\/2023\/10\/rev-huebotter.png?resize=525%2C485&#038;ssl=1\" alt=\"\" class=\"wp-image-13458 size-full\" srcset=\"https:\/\/i0.wp.com\/zionelpaso.org\/wp-content\/uploads\/2023\/10\/rev-huebotter.png?resize=1024%2C946&amp;ssl=1 1024w, https:\/\/i0.wp.com\/zionelpaso.org\/wp-content\/uploads\/2023\/10\/rev-huebotter.png?resize=300%2C277&amp;ssl=1 300w, https:\/\/i0.wp.com\/zionelpaso.org\/wp-content\/uploads\/2023\/10\/rev-huebotter.png?resize=768%2C709&amp;ssl=1 768w, https:\/\/i0.wp.com\/zionelpaso.org\/wp-content\/uploads\/2023\/10\/rev-huebotter.png?w=1164&amp;ssl=1 1164w\" sizes=\"auto, (max-width: 706px) 89vw, (max-width: 767px) 82vw, 740px\" \/><\/figure><div class=\"wp-block-media-text__content\">\n<p class=\"\">Rev. H.A. Huebotter 1898-1899<\/p>\n<\/div><\/div>\n\n<p class=\"\"><\/p>\n\n<div class=\"wp-block-media-text is-stacked-on-mobile\" style=\"grid-template-columns:31% auto\"><figure class=\"wp-block-media-text__media\"><img data-recalc-dims=\"1\" loading=\"lazy\" decoding=\"async\" width=\"525\" height=\"653\" src=\"https:\/\/i0.wp.com\/zionelpaso.org\/wp-content\/uploads\/2023\/10\/Nancy-Cagaan-.jpg?resize=525%2C653&#038;ssl=1\" alt=\"\" class=\"wp-image-13456 size-full\" srcset=\"https:\/\/i0.wp.com\/zionelpaso.org\/wp-content\/uploads\/2023\/10\/Nancy-Cagaan-.jpg?w=805&amp;ssl=1 805w, https:\/\/i0.wp.com\/zionelpaso.org\/wp-content\/uploads\/2023\/10\/Nancy-Cagaan-.jpg?resize=241%2C300&amp;ssl=1 241w, https:\/\/i0.wp.com\/zionelpaso.org\/wp-content\/uploads\/2023\/10\/Nancy-Cagaan-.jpg?resize=768%2C955&amp;ssl=1 768w\" sizes=\"auto, (max-width: 706px) 89vw, (max-width: 767px) 82vw, 740px\" \/><\/figure><div class=\"wp-block-media-text__content\">\n<p class=\"\">Sra. Nancy Cagaan 1995-2017<\/p>\n<\/div><\/div>\n\n<p class=\"\"><\/p>\n\n<div class=\"wp-block-media-text is-stacked-on-mobile\" style=\"grid-template-columns:32% auto\"><figure class=\"wp-block-media-text__media\"><img data-recalc-dims=\"1\" loading=\"lazy\" decoding=\"async\" width=\"500\" height=\"500\" src=\"https:\/\/i0.wp.com\/zionelpaso.org\/wp-content\/uploads\/2020\/04\/Sandy-Alvarado-500x500-1.jpg?resize=500%2C500&#038;ssl=1\" alt=\"\" class=\"wp-image-164 size-full\" srcset=\"https:\/\/i0.wp.com\/zionelpaso.org\/wp-content\/uploads\/2020\/04\/Sandy-Alvarado-500x500-1.jpg?w=500&amp;ssl=1 500w, https:\/\/i0.wp.com\/zionelpaso.org\/wp-content\/uploads\/2020\/04\/Sandy-Alvarado-500x500-1.jpg?resize=300%2C300&amp;ssl=1 300w, https:\/\/i0.wp.com\/zionelpaso.org\/wp-content\/uploads\/2020\/04\/Sandy-Alvarado-500x500-1.jpg?resize=150%2C150&amp;ssl=1 150w, https:\/\/i0.wp.com\/zionelpaso.org\/wp-content\/uploads\/2020\/04\/Sandy-Alvarado-500x500-1.jpg?resize=100%2C100&amp;ssl=1 100w\" sizes=\"auto, (max-width: 500px) 100vw, 500px\" \/><\/figure><div class=\"wp-block-media-text__content\">\n<p class=\"\">Sra. Sandra Alvarado 2017-2020<\/p>\n<\/div><\/div>\n\n<hr class=\"is-style-wide wp-block-separator has-alpha-channel-opacity\"\/>\n\n<h2 class=\"wp-block-heading\"><strong>Hitos hist\u00f3ricos relacionados con las misiones<\/strong><\/h2>\n\n<p class=\"\">1897 &#8211; El pastor misionero Huebotter llega y predica el primer serm\u00f3n<\/p>\n\n<p class=\"\">1898 &#8211; Si\u00f3n se organiza como congregaci\u00f3n<\/p>\n\n<p class=\"\">1916 &#8211; Comienzan los ministerios para las fuerzas armadas, que contin\u00faan hasta hoy<\/p>\n\n<p class=\"\">1917 &#8211; Se a\u00f1aden servicios en ingl\u00e9s al programa de cultos<\/p>\n\n<p class=\"\">1917 &#8211; El pastor Sieck comienza el ministerio de Si\u00f3n a las tropas en Deming, Nuevo M\u00e9xico.<\/p>\n\n<p class=\"\">1922 &#8211; Se construye un edificio m\u00e1s grande en una ubicaci\u00f3n estrat\u00e9gica en la comunidad de Five Points de El Paso, lo que permite un mayor alcance.<\/p>\n\n<p class=\"\">1945 &#8211; El pastor Evers continu\u00f3 el ministerio de Si\u00f3n en Deming, NM, y tambi\u00e9n predic\u00f3 a los prisioneros de guerra alemanes en Faben, Texas.<\/p>\n\n<p class=\"\">1946 &#8211; El pastor Stueckler estudia los pueblos del sur de Nuevo M\u00e9xico para evaluar las perspectivas misioneras del Distrito de Colorado de la LCMS. Cuando comienza la labor misionera, realiza visitas peri\u00f3dicas a las estaciones misioneras de Deming, Alamogordo, Las Cruces y Silver City hasta que pueden organizarse y llamar a un pastor.<\/p>\n\n<p class=\"\">1951-1967 &#8211; Si\u00f3n colabora en la plantaci\u00f3n de iglesias en toda la creciente comunidad de El Paso: Redeemer (1951), Grace (1957), Ascension (1960), Our Savior (1966),  <\/p>\n\n<p class=\"\">1967 &#8211; Miembros de Si\u00f3n ayudan a formar y apoyar el Ministerio Luterano de Fronteras. Los miembros de Si\u00f3n participan en la misi\u00f3n Cristo Rey y en la obra de misericordia en Ciudad Ju\u00e1rez iniciada por el pastor Schrank (quien asisti\u00f3 a Si\u00f3n como pastor vacante en 1968).  <\/p>\n\n<p class=\"\">1979 &#8211; El pastor Steve Hughey dirige a Si\u00f3n en una nueva evangelizaci\u00f3n en la comunidad hispana. Comienza la Misi\u00f3n de la Calle San Antonio.  <em>(pronto se a\u00f1adir\u00e1n m\u00e1s detalles a esta secci\u00f3n)<\/em><\/p>\n\n<p class=\"\">D\u00e9cada de 1980 &#8211; La Escuela Dominical y la EBV atienden a cientos de ni\u00f1os<\/p>\n\n<p class=\"\">1982 &#8211; Centro Cristiano de Ysleta (ahora Ysleta Lutheran Mission Human Care y San Pablo Lutheran Church) es iniciado por Zion y el Colorado District LCMS.<\/p>\n\n<p class=\"\">1990 &#8211; El graduado de Educaci\u00f3n Teol\u00f3gica por Extensi\u00f3n, Roberto Simental, ingresa al programa de vicar\u00eda y comienza un grupo de estudio b\u00edblico en espa\u00f1ol y servicios de adoraci\u00f3n mensuales.<\/p>\n\n<p class=\"\">D\u00e9cada de 1990 &#8211; Si\u00f3n lidera el circuito en la plantaci\u00f3n de St. Matthew Lutheran (ahora Crosspoint)<\/p>\n\n<p class=\"\">D\u00e9cada de 2000 &#8211; Si\u00f3n celebra torneos de golf y galas para apoyar el trabajo de YLM en M\u00e9xico durante la crisis econ\u00f3mica y de violencia.<\/p>\n\n<p class=\"\">2011 &#8211; El pastor Stephen Heimer es instalado como pastor con acuerdo ministerial para continuar como jefe de operaciones de YLM y la evangelizaci\u00f3n nacional del Mariachi San Pablo, el ministerio del Centro de Detenci\u00f3n de Inmigrantes, y el programa semanal de radio de YLM.<\/p>\n\n<p class=\"\">2016 &#8211; Sion participa dos veces al a\u00f1o en el foro de Misiones Internacionales de la LCMS, apoyando la educaci\u00f3n teol\u00f3gica en M\u00e9xico.<\/p>\n\n<hr class=\"is-style-wide wp-block-separator has-alpha-channel-opacity\"\/>\n\n<hr class=\"is-style-wide wp-block-separator has-alpha-channel-opacity\"\/>\n\n<div class=\"wp-block-group\"><div class=\"wp-block-group__inner-container is-layout-constrained wp-block-group-is-layout-constrained\">\n<h2 class=\"wp-block-heading has-text-align-left\" id=\"pastors-of-zion-lutheran-church\"><strong>Pastores de la Iglesia Luterana de Sion<\/strong><\/h2>\n\n\n\n<div class=\"wp-block-media-text is-stacked-on-mobile\" style=\"grid-template-columns:30% auto\"><figure class=\"wp-block-media-text__media\"><img data-recalc-dims=\"1\" loading=\"lazy\" decoding=\"async\" width=\"525\" height=\"485\" src=\"https:\/\/i0.wp.com\/zionelpaso.org\/wp-content\/uploads\/2023\/10\/rev-huebotter.png?resize=525%2C485&#038;ssl=1\" alt=\"\" class=\"wp-image-13458 size-full\" srcset=\"https:\/\/i0.wp.com\/zionelpaso.org\/wp-content\/uploads\/2023\/10\/rev-huebotter.png?resize=1024%2C946&amp;ssl=1 1024w, https:\/\/i0.wp.com\/zionelpaso.org\/wp-content\/uploads\/2023\/10\/rev-huebotter.png?resize=300%2C277&amp;ssl=1 300w, https:\/\/i0.wp.com\/zionelpaso.org\/wp-content\/uploads\/2023\/10\/rev-huebotter.png?resize=768%2C709&amp;ssl=1 768w, https:\/\/i0.wp.com\/zionelpaso.org\/wp-content\/uploads\/2023\/10\/rev-huebotter.png?w=1164&amp;ssl=1 1164w\" sizes=\"auto, (max-width: 706px) 89vw, (max-width: 767px) 82vw, 740px\" \/><\/figure><div class=\"wp-block-media-text__content\">\n<p class=\"\">Rev. HA Huebotter 1897-1907<\/p>\n<\/div><\/div>\n\n\n\n<p class=\"\"><\/p>\n\n\n\n<div class=\"wp-block-media-text is-stacked-on-mobile\" style=\"grid-template-columns:30% auto\"><figure class=\"wp-block-media-text__media\"><img data-recalc-dims=\"1\" loading=\"lazy\" decoding=\"async\" width=\"525\" height=\"528\" src=\"https:\/\/i0.wp.com\/zionelpaso.org\/wp-content\/uploads\/2023\/11\/LSB-Icon_048-700x700-1.jpg?resize=525%2C528&#038;ssl=1\" alt=\"\" class=\"wp-image-13793 size-full\" srcset=\"https:\/\/i0.wp.com\/zionelpaso.org\/wp-content\/uploads\/2023\/11\/LSB-Icon_048-700x700-1.jpg?w=700&amp;ssl=1 700w, https:\/\/i0.wp.com\/zionelpaso.org\/wp-content\/uploads\/2023\/11\/LSB-Icon_048-700x700-1.jpg?resize=298%2C300&amp;ssl=1 298w, https:\/\/i0.wp.com\/zionelpaso.org\/wp-content\/uploads\/2023\/11\/LSB-Icon_048-700x700-1.jpg?resize=150%2C150&amp;ssl=1 150w, https:\/\/i0.wp.com\/zionelpaso.org\/wp-content\/uploads\/2023\/11\/LSB-Icon_048-700x700-1.jpg?resize=100%2C100&amp;ssl=1 100w\" sizes=\"auto, (max-width: 525px) 100vw, 525px\" \/><\/figure><div class=\"wp-block-media-text__content\">\n<p class=\"\">Rev. GW Fischer 1907-1909<\/p>\n<\/div><\/div>\n\n\n\n<p class=\"has-text-align-left\"><\/p>\n\n\n\n<div class=\"wp-block-media-text is-stacked-on-mobile\" style=\"grid-template-columns:30% auto\"><figure class=\"wp-block-media-text__media\"><img data-recalc-dims=\"1\" loading=\"lazy\" decoding=\"async\" width=\"525\" height=\"528\" src=\"https:\/\/i0.wp.com\/zionelpaso.org\/wp-content\/uploads\/2023\/11\/LSB-Icon_048-700x700-1.jpg?resize=525%2C528&#038;ssl=1\" alt=\"\" class=\"wp-image-13793 size-full\" srcset=\"https:\/\/i0.wp.com\/zionelpaso.org\/wp-content\/uploads\/2023\/11\/LSB-Icon_048-700x700-1.jpg?w=700&amp;ssl=1 700w, https:\/\/i0.wp.com\/zionelpaso.org\/wp-content\/uploads\/2023\/11\/LSB-Icon_048-700x700-1.jpg?resize=298%2C300&amp;ssl=1 298w, https:\/\/i0.wp.com\/zionelpaso.org\/wp-content\/uploads\/2023\/11\/LSB-Icon_048-700x700-1.jpg?resize=150%2C150&amp;ssl=1 150w, https:\/\/i0.wp.com\/zionelpaso.org\/wp-content\/uploads\/2023\/11\/LSB-Icon_048-700x700-1.jpg?resize=100%2C100&amp;ssl=1 100w\" sizes=\"auto, (max-width: 525px) 100vw, 525px\" \/><\/figure><div class=\"wp-block-media-text__content\">\n<p class=\"\">Rev. O. Bahr 1909-1912<\/p>\n<\/div><\/div>\n\n\n\n<p class=\"has-text-align-left\"><\/p>\n\n\n\n<div class=\"wp-block-media-text is-stacked-on-mobile\" style=\"grid-template-columns:30% auto\"><figure class=\"wp-block-media-text__media\"><img data-recalc-dims=\"1\" loading=\"lazy\" decoding=\"async\" width=\"525\" height=\"528\" src=\"https:\/\/i0.wp.com\/zionelpaso.org\/wp-content\/uploads\/2023\/11\/LSB-Icon_048-700x700-1.jpg?resize=525%2C528&#038;ssl=1\" alt=\"\" class=\"wp-image-13793 size-full\" srcset=\"https:\/\/i0.wp.com\/zionelpaso.org\/wp-content\/uploads\/2023\/11\/LSB-Icon_048-700x700-1.jpg?w=700&amp;ssl=1 700w, https:\/\/i0.wp.com\/zionelpaso.org\/wp-content\/uploads\/2023\/11\/LSB-Icon_048-700x700-1.jpg?resize=298%2C300&amp;ssl=1 298w, https:\/\/i0.wp.com\/zionelpaso.org\/wp-content\/uploads\/2023\/11\/LSB-Icon_048-700x700-1.jpg?resize=150%2C150&amp;ssl=1 150w, https:\/\/i0.wp.com\/zionelpaso.org\/wp-content\/uploads\/2023\/11\/LSB-Icon_048-700x700-1.jpg?resize=100%2C100&amp;ssl=1 100w\" sizes=\"auto, (max-width: 525px) 100vw, 525px\" \/><\/figure><div class=\"wp-block-media-text__content\">\n<p class=\"\">Rev. Paul O. Birkmann 1912-1916<\/p>\n<\/div><\/div>\n\n\n\n<p class=\"has-text-align-left\"><\/p>\n\n\n\n<div class=\"wp-block-media-text is-stacked-on-mobile\" style=\"grid-template-columns:30% auto\"><figure class=\"wp-block-media-text__media\"><img data-recalc-dims=\"1\" loading=\"lazy\" decoding=\"async\" width=\"525\" height=\"800\" src=\"https:\/\/i0.wp.com\/zionelpaso.org\/wp-content\/uploads\/2023\/10\/vicar-albert-webbeking.png?resize=525%2C800&#038;ssl=1\" alt=\"\" class=\"wp-image-13466 size-full\" srcset=\"https:\/\/i0.wp.com\/zionelpaso.org\/wp-content\/uploads\/2023\/10\/vicar-albert-webbeking.png?resize=672%2C1024&amp;ssl=1 672w, https:\/\/i0.wp.com\/zionelpaso.org\/wp-content\/uploads\/2023\/10\/vicar-albert-webbeking.png?resize=197%2C300&amp;ssl=1 197w, https:\/\/i0.wp.com\/zionelpaso.org\/wp-content\/uploads\/2023\/10\/vicar-albert-webbeking.png?resize=768%2C1170&amp;ssl=1 768w, https:\/\/i0.wp.com\/zionelpaso.org\/wp-content\/uploads\/2023\/10\/vicar-albert-webbeking.png?w=800&amp;ssl=1 800w\" sizes=\"auto, (max-width: 525px) 100vw, 525px\" \/><\/figure><div class=\"wp-block-media-text__content\">\n<p class=\"\">Vicario Albert Webbeking 1916-1917<\/p>\n<\/div><\/div>\n\n\n\n<p class=\"has-text-align-center\"><\/p>\n\n\n\n<div class=\"wp-block-media-text is-stacked-on-mobile\" style=\"grid-template-columns:30% auto\"><figure class=\"wp-block-media-text__media\"><img data-recalc-dims=\"1\" loading=\"lazy\" decoding=\"async\" width=\"525\" height=\"799\" src=\"https:\/\/i0.wp.com\/zionelpaso.org\/wp-content\/uploads\/2023\/10\/rev-sieck.png?resize=525%2C799&#038;ssl=1\" alt=\"\" class=\"wp-image-13469 size-full\" srcset=\"https:\/\/i0.wp.com\/zionelpaso.org\/wp-content\/uploads\/2023\/10\/rev-sieck.png?resize=673%2C1024&amp;ssl=1 673w, https:\/\/i0.wp.com\/zionelpaso.org\/wp-content\/uploads\/2023\/10\/rev-sieck.png?resize=197%2C300&amp;ssl=1 197w, https:\/\/i0.wp.com\/zionelpaso.org\/wp-content\/uploads\/2023\/10\/rev-sieck.png?w=678&amp;ssl=1 678w\" sizes=\"auto, (max-width: 525px) 100vw, 525px\" \/><\/figure><div class=\"wp-block-media-text__content\">\n<p class=\"\"><em>Rev. JHC Sieck 1917-1923<\/em><\/p>\n<\/div><\/div>\n\n\n\n<p class=\"has-text-align-left\"><\/p>\n\n\n\n<div class=\"wp-block-media-text is-stacked-on-mobile\" style=\"grid-template-columns:30% auto\"><figure class=\"wp-block-media-text__media\"><img data-recalc-dims=\"1\" loading=\"lazy\" decoding=\"async\" width=\"525\" height=\"798\" src=\"https:\/\/i0.wp.com\/zionelpaso.org\/wp-content\/uploads\/2023\/10\/rev-theodore-evers.png?resize=525%2C798&#038;ssl=1\" alt=\"\" class=\"wp-image-13471 size-full\" srcset=\"https:\/\/i0.wp.com\/zionelpaso.org\/wp-content\/uploads\/2023\/10\/rev-theodore-evers.png?w=640&amp;ssl=1 640w, https:\/\/i0.wp.com\/zionelpaso.org\/wp-content\/uploads\/2023\/10\/rev-theodore-evers.png?resize=197%2C300&amp;ssl=1 197w\" sizes=\"auto, (max-width: 525px) 100vw, 525px\" \/><\/figure><div class=\"wp-block-media-text__content\">\n<p class=\"\">Rev. Theodore H. Evers 1924-1945<\/p>\n<\/div><\/div>\n\n\n\n<p class=\"has-text-align-left\"><\/p>\n\n\n\n<div class=\"wp-block-media-text is-stacked-on-mobile\" style=\"grid-template-columns:30% auto\"><figure class=\"wp-block-media-text__media\"><img data-recalc-dims=\"1\" loading=\"lazy\" decoding=\"async\" width=\"525\" height=\"799\" src=\"https:\/\/i0.wp.com\/zionelpaso.org\/wp-content\/uploads\/2023\/10\/rev-paul-stueckler-b.png?resize=525%2C799&#038;ssl=1\" alt=\"\" class=\"wp-image-13475 size-full\" srcset=\"https:\/\/i0.wp.com\/zionelpaso.org\/wp-content\/uploads\/2023\/10\/rev-paul-stueckler-b.png?resize=673%2C1024&amp;ssl=1 673w, https:\/\/i0.wp.com\/zionelpaso.org\/wp-content\/uploads\/2023\/10\/rev-paul-stueckler-b.png?resize=197%2C300&amp;ssl=1 197w, https:\/\/i0.wp.com\/zionelpaso.org\/wp-content\/uploads\/2023\/10\/rev-paul-stueckler-b.png?w=756&amp;ssl=1 756w\" sizes=\"auto, (max-width: 525px) 100vw, 525px\" \/><\/figure><div class=\"wp-block-media-text__content\">\n<p class=\"\">Rev. Paul F. Stueckler 1946-1967<\/p>\n<\/div><\/div>\n\n\n\n<p class=\"has-text-align-left\"><\/p>\n\n\n\n<div class=\"wp-block-media-text is-stacked-on-mobile\" style=\"grid-template-columns:30% auto\"><figure class=\"wp-block-media-text__media\"><img data-recalc-dims=\"1\" loading=\"lazy\" decoding=\"async\" width=\"525\" height=\"689\" src=\"https:\/\/i0.wp.com\/zionelpaso.org\/wp-content\/uploads\/2023\/10\/rev-merrill-kluhsman.png?resize=525%2C689&#038;ssl=1\" alt=\"\" class=\"wp-image-13460 size-full\" srcset=\"https:\/\/i0.wp.com\/zionelpaso.org\/wp-content\/uploads\/2023\/10\/rev-merrill-kluhsman.png?resize=780%2C1024&amp;ssl=1 780w, https:\/\/i0.wp.com\/zionelpaso.org\/wp-content\/uploads\/2023\/10\/rev-merrill-kluhsman.png?resize=229%2C300&amp;ssl=1 229w, https:\/\/i0.wp.com\/zionelpaso.org\/wp-content\/uploads\/2023\/10\/rev-merrill-kluhsman.png?resize=768%2C1008&amp;ssl=1 768w, https:\/\/i0.wp.com\/zionelpaso.org\/wp-content\/uploads\/2023\/10\/rev-merrill-kluhsman.png?w=800&amp;ssl=1 800w\" sizes=\"auto, (max-width: 706px) 89vw, (max-width: 767px) 82vw, 740px\" \/><\/figure><div class=\"wp-block-media-text__content\">\n<p class=\"\">Rev. Merrill M. Kluhsman 1969-1977<\/p>\n<\/div><\/div>\n\n\n\n<p class=\"has-text-align-left\"><\/p>\n\n\n\n<div class=\"wp-block-media-text is-stacked-on-mobile\" style=\"grid-template-columns:30% auto\"><figure class=\"wp-block-media-text__media\"><img data-recalc-dims=\"1\" loading=\"lazy\" decoding=\"async\" width=\"372\" height=\"512\" src=\"https:\/\/i0.wp.com\/zionelpaso.org\/wp-content\/uploads\/2023\/10\/rev-steve-hughey.jpg?resize=372%2C512&#038;ssl=1\" alt=\"\" class=\"wp-image-13482 size-full\" srcset=\"https:\/\/i0.wp.com\/zionelpaso.org\/wp-content\/uploads\/2023\/10\/rev-steve-hughey.jpg?w=372&amp;ssl=1 372w, https:\/\/i0.wp.com\/zionelpaso.org\/wp-content\/uploads\/2023\/10\/rev-steve-hughey.jpg?resize=218%2C300&amp;ssl=1 218w\" sizes=\"auto, (max-width: 372px) 100vw, 372px\" \/><\/figure><div class=\"wp-block-media-text__content\">\n<p class=\"\">Rev. B. Steve Hughey 1979-1988<\/p>\n<\/div><\/div>\n\n\n\n<p class=\"has-text-align-left\"><\/p>\n\n\n\n<div class=\"wp-block-media-text is-stacked-on-mobile\" style=\"grid-template-columns:30% auto\"><figure class=\"wp-block-media-text__media\"><img data-recalc-dims=\"1\" loading=\"lazy\" decoding=\"async\" width=\"525\" height=\"739\" src=\"https:\/\/i0.wp.com\/zionelpaso.org\/wp-content\/uploads\/2023\/10\/IMG_1303-2.jpg?resize=525%2C739&#038;ssl=1\" alt=\"\" class=\"wp-image-13484 size-full\" srcset=\"https:\/\/i0.wp.com\/zionelpaso.org\/wp-content\/uploads\/2023\/10\/IMG_1303-2.jpg?resize=727%2C1024&amp;ssl=1 727w, https:\/\/i0.wp.com\/zionelpaso.org\/wp-content\/uploads\/2023\/10\/IMG_1303-2.jpg?resize=213%2C300&amp;ssl=1 213w, https:\/\/i0.wp.com\/zionelpaso.org\/wp-content\/uploads\/2023\/10\/IMG_1303-2.jpg?resize=768%2C1082&amp;ssl=1 768w, https:\/\/i0.wp.com\/zionelpaso.org\/wp-content\/uploads\/2023\/10\/IMG_1303-2.jpg?w=860&amp;ssl=1 860w\" sizes=\"auto, (max-width: 525px) 100vw, 525px\" \/><\/figure><div class=\"wp-block-media-text__content\">\n<p class=\"\">Rev. Jeffrey E. Shearier 1990-1995<\/p>\n<\/div><\/div>\n\n\n\n<p class=\"has-text-align-left\"><\/p>\n\n\n\n<div class=\"wp-block-media-text is-stacked-on-mobile\" style=\"grid-template-columns:30% auto\"><figure class=\"wp-block-media-text__media\"><img data-recalc-dims=\"1\" loading=\"lazy\" decoding=\"async\" width=\"525\" height=\"713\" src=\"https:\/\/i0.wp.com\/zionelpaso.org\/wp-content\/uploads\/2023\/10\/rev-charles-canada.png?resize=525%2C713&#038;ssl=1\" alt=\"\" class=\"wp-image-13495 size-full\" srcset=\"https:\/\/i0.wp.com\/zionelpaso.org\/wp-content\/uploads\/2023\/10\/rev-charles-canada.png?w=600&amp;ssl=1 600w, https:\/\/i0.wp.com\/zionelpaso.org\/wp-content\/uploads\/2023\/10\/rev-charles-canada.png?resize=221%2C300&amp;ssl=1 221w\" sizes=\"auto, (max-width: 525px) 100vw, 525px\" \/><\/figure><div class=\"wp-block-media-text__content\">\n<p class=\"\">Rev. Charles O. Canad\u00e1 1995-2006<\/p>\n<\/div><\/div>\n\n\n\n<p class=\"has-text-align-left\"><\/p>\n\n\n\n<div class=\"wp-block-media-text is-stacked-on-mobile\" style=\"grid-template-columns:30% auto\"><figure class=\"wp-block-media-text__media\"><img data-recalc-dims=\"1\" loading=\"lazy\" decoding=\"async\" width=\"525\" height=\"722\" src=\"https:\/\/i0.wp.com\/zionelpaso.org\/wp-content\/uploads\/2023\/10\/rev-howard-patten.jpg?resize=525%2C722&#038;ssl=1\" alt=\"\" class=\"wp-image-13486 size-full\" srcset=\"https:\/\/i0.wp.com\/zionelpaso.org\/wp-content\/uploads\/2023\/10\/rev-howard-patten.jpg?w=600&amp;ssl=1 600w, https:\/\/i0.wp.com\/zionelpaso.org\/wp-content\/uploads\/2023\/10\/rev-howard-patten.jpg?resize=218%2C300&amp;ssl=1 218w\" sizes=\"auto, (max-width: 525px) 100vw, 525px\" \/><\/figure><div class=\"wp-block-media-text__content\">\n<p class=\"\">Rev. Howard G. Patten 2007-2019<\/p>\n<\/div><\/div>\n\n\n\n<p class=\"has-text-align-left\"><\/p>\n\n\n\n<div class=\"wp-block-media-text is-stacked-on-mobile\" style=\"grid-template-columns:30% auto\"><figure class=\"wp-block-media-text__media\"><img data-recalc-dims=\"1\" loading=\"lazy\" decoding=\"async\" width=\"525\" height=\"796\" src=\"https:\/\/i0.wp.com\/zionelpaso.org\/wp-content\/uploads\/2023\/10\/rev-stephen-heimer.jpg?resize=525%2C796&#038;ssl=1\" alt=\"\" class=\"wp-image-13488 size-full\" srcset=\"https:\/\/i0.wp.com\/zionelpaso.org\/wp-content\/uploads\/2023\/10\/rev-stephen-heimer.jpg?w=600&amp;ssl=1 600w, https:\/\/i0.wp.com\/zionelpaso.org\/wp-content\/uploads\/2023\/10\/rev-stephen-heimer.jpg?resize=198%2C300&amp;ssl=1 198w\" sizes=\"auto, (max-width: 525px) 100vw, 525px\" \/><\/figure><div class=\"wp-block-media-text__content\">\n<p class=\"\">Rev. Stephen E. Heimer <em>2011-presente<\/em><\/p>\n<\/div><\/div>\n<\/div><\/div>\n\n<hr class=\"wp-block-separator has-alpha-channel-opacity\"\/>\n\n<h2 class=\"wp-block-heading\"><strong>Hechos hist\u00f3ricos relacionados con la m\u00fasica en Si\u00f3n<\/strong><\/h2>\n\n<p class=\"\">1900 &#8211; El \u00f3rgano de pedal acompa\u00f1a el culto<\/p>\n\n<p class=\"\">1998 &#8211; Se compran campanas y se contrata a Jill Weyer como directora del nuevo coro de campanas.<\/p>\n\n<p class=\"\">2007 &#8211; David Garc\u00eda se convierte en organista<\/p>\n\n<h2 class=\"wp-block-heading\"><strong>Organistas y directores musicales de Si\u00f3n<\/strong><\/h2>\n\n<p class=\"\">Emily Gebbler<\/p>\n\n<div class=\"wp-block-media-text is-stacked-on-mobile\" style=\"grid-template-columns:30% auto\"><figure class=\"wp-block-media-text__media\"><img data-recalc-dims=\"1\" loading=\"lazy\" decoding=\"async\" width=\"525\" height=\"700\" src=\"https:\/\/i0.wp.com\/zionelpaso.org\/wp-content\/uploads\/2023\/11\/Untitled-7.png?resize=525%2C700&#038;ssl=1\" alt=\"\" class=\"wp-image-13884 size-full\" srcset=\"https:\/\/i0.wp.com\/zionelpaso.org\/wp-content\/uploads\/2023\/11\/Untitled-7.png?w=600&amp;ssl=1 600w, https:\/\/i0.wp.com\/zionelpaso.org\/wp-content\/uploads\/2023\/11\/Untitled-7.png?resize=225%2C300&amp;ssl=1 225w\" sizes=\"auto, (max-width: 525px) 100vw, 525px\" \/><\/figure><div class=\"wp-block-media-text__content\">\n<p class=\"\">Ruth Cagaan, organista (1960-1980)<\/p>\n<\/div><\/div>\n\n<p class=\"\">John Heiden, director del coro (1960-1990)<\/p>\n\n<p class=\"\">Blanche Grosse, organista (1980-2000)<\/p>\n\n<p class=\"\">Jill Weyer, directora del coro de campanas (1998-2020)<\/p>\n\n<p class=\"\">David Garcia, organista (2007-actual), director del coro (actual), director del coro de campanas (2020-actual)<\/p>\n","protected":false},"excerpt":{"rendered":"<p>125 aniversario 1898-2023 La Iglesia Luterana de Si\u00f3n se fund\u00f3 en 1898 y ha disfrutado de 125 a\u00f1os de servicio en la comunidad de El Paso. Resumen de los planes para el 125 aniversario M\u00e1s detalles sobre los distintos actos Haga clic o toque los t\u00edtulos para ver los detalles. Se actualizar\u00e1n continuamente a medida &hellip; <\/p>\n<p class=\"link-more\"><a href=\"https:\/\/zionelpaso.org\/es\/historia\/\" class=\"more-link\">Continuar leyendo<span class=\"screen-reader-text\"> &#8220;Historia&#8221;<\/span><\/a><\/p>\n","protected":false},"author":4,"featured_media":11383,"parent":0,"menu_order":0,"comment_status":"closed","ping_status":"closed","template":"","meta":{"nf_dc_page":"","_monsterinsights_skip_tracking":false,"_monsterinsights_sitenote_active":false,"_monsterinsights_sitenote_note":"","_monsterinsights_sitenote_category":0,"advanced_seo_description":"","jetpack_seo_html_title":"","jetpack_seo_noindex":false,"jetpack_post_was_ever_published":false,"footnotes":""},"class_list":["post-11259","page","type-page","status-publish","has-post-thumbnail","hentry"],"featured_image_src":"https:\/\/i0.wp.com\/zionelpaso.org\/wp-content\/uploads\/2023\/01\/anniversary-history-fi.png?fit=2000%2C1200&ssl=1","jetpack_sharing_enabled":true,"jetpack_shortlink":"https:\/\/wp.me\/PbT9ae-2VB","_links":{"self":[{"href":"https:\/\/zionelpaso.org\/es\/wp-json\/wp\/v2\/pages\/11259","targetHints":{"allow":["GET"]}}],"collection":[{"href":"https:\/\/zionelpaso.org\/es\/wp-json\/wp\/v2\/pages"}],"about":[{"href":"https:\/\/zionelpaso.org\/es\/wp-json\/wp\/v2\/types\/page"}],"author":[{"embeddable":true,"href":"https:\/\/zionelpaso.org\/es\/wp-json\/wp\/v2\/users\/4"}],"replies":[{"embeddable":true,"href":"https:\/\/zionelpaso.org\/es\/wp-json\/wp\/v2\/comments?post=11259"}],"version-history":[{"count":5,"href":"https:\/\/zionelpaso.org\/es\/wp-json\/wp\/v2\/pages\/11259\/revisions"}],"predecessor-version":[{"id":14095,"href":"https:\/\/zionelpaso.org\/es\/wp-json\/wp\/v2\/pages\/11259\/revisions\/14095"}],"wp:featuredmedia":[{"embeddable":true,"href":"https:\/\/zionelpaso.org\/es\/wp-json\/wp\/v2\/media\/11383"}],"wp:attachment":[{"href":"https:\/\/zionelpaso.org\/es\/wp-json\/wp\/v2\/media?parent=11259"}],"curies":[{"name":"wp","href":"https:\/\/api.w.org\/{rel}","templated":true}]}}